{"id":178,"date":"2020-04-11T17:11:01","date_gmt":"2020-04-11T17:11:01","guid":{"rendered":"https:\/\/bulirsch.eu\/wordpress\/?page_id=178"},"modified":"2024-09-28T14:04:03","modified_gmt":"2024-09-28T14:04:03","slug":"vortraege","status":"publish","type":"page","link":"https:\/\/bulirsch.eu\/home\/vortraege\/","title":{"rendered":"Vortr\u00e4ge"},"content":{"rendered":"\n<hr class=\"wp-block-separator has-css-opacity\"\/>\n\n\n\n<p><strong>November 1987<\/strong>,&nbsp;<a href=\"http:\/\/bulirsch.eu\/anlagen\/Mathematik_und_Raumfahrt.pdf\" target=\"_blank\" rel=\"noreferrer noopener\">Mathematik und Raumfahrt<\/a><br>Festkolloquium zum 50. Geburtstag des baden-w\u00fcrttembergischen Ministerpr\u00e4sidenten Lothar Sp\u00e4th<\/p>\n\n\n\n<p><strong>1990<\/strong>,&nbsp;<a href=\"http:\/\/bulirsch.eu\/anlagen\/Vom_Nutzen_der_Formeln.pdf\" target=\"_blank\" rel=\"noreferrer noopener\">Mathematik und Informatik &#8211; Vom Nutzen der Formeln<\/a><\/p>\n\n\n\n<p><strong>1. Oktober 1994<\/strong>,&nbsp;<a href=\"http:\/\/bulirsch.eu\/anlagen\/Nutz_und_Frommen_der_Mathematik.pdf\" target=\"_blank\" rel=\"noreferrer noopener\">Nutz und Frommen der Mathematik<\/a><br>Mathematisches Forschungsinstitut Oberwolfach<\/p>\n\n\n\n<p><strong>1995<\/strong>,&nbsp;<a href=\"http:\/\/bulirsch.eu\/anlagen\/Praesidentschaft_Meitinger.pdf\" target=\"_blank\" rel=\"noreferrer noopener\">Die Pr\u00e4sidentschaft Meitinger<\/a><br>Laudatio auf den Pr\u00e4sidenten der TU M\u00fcnchen<\/p>\n\n\n\n<p><strong>Juni 1998<\/strong>,&nbsp;<a href=\"http:\/\/bulirsch.eu\/anlagen\/Sonnenuntergang.pdf\" target=\"_blank\" rel=\"noreferrer noopener\">Virtuelle Welten &#8211; Wirklichkeit aus dem Rechner.<\/a><br><a href=\"http:\/\/bulirsch.eu\/anlagen\/LausitzerWissenschaftstage.pdf\" target=\"_blank\" rel=\"noreferrer noopener\">4. Lausitzer Wissenschaftstage der BTU Cottbus<\/a>.<\/p>\n\n\n\n<p><strong>11. Mai 1998<\/strong>,&nbsp;<a href=\"https:\/\/bulirsch.eu\/wordpress\/reimar-luest-leben-und-werk\/\" target=\"_blank\" rel=\"noreferrer noopener\">Laudatio auf Prof. Dr. Dr.h.c.mult. Reimar L\u00fcst, Pr\u00e4sident der Alexander von Humboldt-Stiftung, Bonn.<\/a><br>Rede gehalten an der Technischen Universit\u00e4t M\u00fcnchen.<\/p>\n\n\n\n<p><strong>6. M\u00e4rz 2000<\/strong>,&nbsp;<a rel=\"noreferrer noopener\" href=\"http:\/\/link.springer.com\/chapter\/10.1007%2F978-3-7091-3707-9_35\" target=\"_blank\">&#8222;Virtual reality &#8211; symbiosis of science and art&#8220;<\/a><br><a href=\"http:\/\/bulirsch.eu\/anlagen\/ECR_Today-Radiology.pdf\" target=\"_blank\" rel=\"noreferrer noopener\">European Congress of Radiology<\/a>, Wien<\/p>\n\n\n\n<p><strong>21. Juni 2001<\/strong>,&nbsp;<a href=\"https:\/\/bulirsch.eu\/wordpress\/himmel-und-erde-messen\/\" target=\"_blank\" rel=\"noreferrer noopener\">&#8222;Himmel und Erde messen&#8220;<\/a><br>Festrede gehalten im Cuvili\u00e9s Theater in M\u00fcchen anl\u00e4\u00dflich des Jubil\u00e4ums 200 Jahre Bayerische Vermessungsverwaltung<\/p>\n\n\n\n<p><strong>9. Juni 2005<\/strong>,&nbsp;<a href=\"https:\/\/bulirsch.eu\/wordpress\/rede-zum-75-geburtstag-von-prof-dr-hans-joerg-stetter\/\" target=\"_blank\" rel=\"noreferrer noopener\">Rede zum 75. Geburtstag von Prof. Dr. Hans J\u00f6rg Stetter, Technische Universit\u00e4t Wien.<\/a><br>Festkolloquium in Wien.<\/p>\n\n\n\n<p><strong>18. Mai 2006<\/strong>,\u00a0<a href=\"https:\/\/de.wikipedia.org\/wiki\/Daniel_Kehlmann\" target=\"_blank\" rel=\"noreferrer noopener\">Laudatio auf den Schriftsteller und Literaturpreistr\u00e4ger Daniel Kehlmann.<\/a><br>Rede gehalten in Weimar.<\/p>\n\n\n\n<p><strong>Juli 2006<\/strong>,&nbsp;<a href=\"https:\/\/bulirsch.eu\/wordpress\/lobrede-auf-prof-dr-dr-h-c-mult-george-leitmann\/\" target=\"_blank\" rel=\"noreferrer noopener\">Lobrede auf Prof. Dr. Dr.h.c.mult. George Leitmann, University of California, Berkeley.<\/a><br>Rede gehalten an der Universit\u00e4t der Bundeswehr, Neubiberg-M\u00fcnchen.<\/p>\n\n\n\n<p><strong>28. Juni 2007<\/strong>,&nbsp;<a href=\"http:\/\/bulirsch.eu\/anlagen\/Caratheodory.pdf\" target=\"_blank\" rel=\"noreferrer noopener\">Griechenland in M\u00fcnchen: Constantin Carath\u00e9odory (1873-1950), Bauingenieur und Mathematiker.<\/a><br>Vortrag gehalten in der Bayerischen Akademie der Wissenschaften, M\u00fcnchen.<\/p>\n\n\n\n<p><strong>11. Oktober 2007<\/strong>,&nbsp;<a href=\"https:\/\/bulirsch.eu\/wordpress\/beitrag-der-natur-und-ingenieurwissenschaften-zur-gesellschaft-der-zukunft\/\" target=\"_blank\" rel=\"noreferrer noopener\">Beitrag der Natur- und Ingenieurwissenschaften zur Gesellschaft der Zukunft.<\/a><br>Vortrag gehalten an der Technischen Universit\u00e4t Hamburg-Harburg auf dem Herbstplenum 2007 &#8222;Was erwartet die Gesellschaft von der Universit\u00e4t&#8220;, veranstaltet von der ACADEMIA SCIENTIARUM ET ARTIUM EUROPAEA, Salzburg.<\/p>\n\n\n\n<p><strong>Oktober 2007<\/strong>,&nbsp;<a href=\"http:\/\/bulirsch.eu\/anlagen\/Vortrag_Hoffmann.pdf\" target=\"_blank\" rel=\"noreferrer noopener\">Laudatio auf Karl-Heinz Hoffman<\/a><br>Vortrag gehalten an der Technischen Universit\u00e4t M\u00fcnchen<\/p>\n\n\n\n<p><strong>6. Dezember 2008<\/strong>,&nbsp;<a href=\"http:\/\/bulirsch.eu\/anlagen\/Triumph_der_geistigen_Organisation.pdf\" target=\"_blank\" rel=\"noreferrer noopener\">&#8222;Triumph der geistigen Organisation&#8220;<\/a>; Raum, Zahl und Ma\u00df in Kunst und Literatur.<br>Festvortrag anl\u00e4sslich der Feierlichen Jahressitzung der Bayerischen Akademie der Wissenschaften.<\/p>\n\n\n\n<p><strong>1. September 2010<\/strong>,&nbsp;<a href=\"https:\/\/bulirsch.eu\/wordpress\/johannes-kepler-und-der-weg-ins-all\/\" target=\"_blank\" rel=\"noreferrer noopener\">&#8222;&#8230;&#8230; baut Schiffe, die sich f\u00fcr die Himmelsluft eignen&#8230;&#8230;&#8220;<\/a>&nbsp;Johannes Kepler und der Weg ins All.<br>Key Note Speaker zur&nbsp;<a href=\"http:\/\/www.gor-ev.de\/or-2010-in-muenchen\" target=\"_blank\" rel=\"noreferrer noopener\">internationalen Jahrestagung 2010 f\u00fcr Operations Research<\/a>&nbsp;der&nbsp;<a href=\"https:\/\/www.unibw.de\/comtessa\/lectures\/george-leitmann-lecture\/2010-2012\" target=\"_blank\" rel=\"noreferrer noopener\">Universit\u00e4t der Bundeswehr M\u00fcnchen<\/a>.<\/p>\n\n\n\n<p><strong>2012<\/strong>,&nbsp;<a href=\"http:\/\/bulirsch.eu\/anlagen\/Leibniz_und_Newton.pdf\" target=\"_blank\" rel=\"noreferrer noopener\">Leibniz und Newton<\/a>, Der Priorit\u00e4tenstreit um den Infinitesimalkalk\u00fcl<\/p>\n\n\n\n<hr class=\"wp-block-separator has-css-opacity\"\/>\n\n\n\n<h3 class=\"wp-block-heading\">Weitere Vortr\u00e4ge:<\/h3>\n\n\n\n<ul class=\"wp-block-list\">\n<li><a href=\"http:\/\/bulirsch.eu\/Vortraege\/Carathodory_Mathematiker.pdf\" target=\"_blank\" rel=\"noreferrer noopener\">Carathodory_Mathematiker.pdf<\/a><\/li>\n\n\n\n<li><a href=\"http:\/\/bulirsch.eu\/Vortraege\/Gau%C3%9F-Vermessung_der_Welt.pdf\" target=\"_blank\" rel=\"noreferrer noopener\">Gau\u00df-Vermessung_der_Welt.pdf<\/a><\/li>\n\n\n\n<li><a href=\"http:\/\/bulirsch.eu\/Vortraege\/Griechische_Broschuere.pdf\" target=\"_blank\" rel=\"noreferrer noopener\">Griechische_Broschuere.pdf<\/a><\/li>\n\n\n\n<li><a href=\"http:\/\/bulirsch.eu\/Vortraege\/Mathematik_in_Deutschland.pdf\" target=\"_blank\" rel=\"noreferrer noopener\">Mathematik_in_Deutschland.pdf<\/a><\/li>\n\n\n\n<li><a href=\"http:\/\/bulirsch.eu\/Vortraege\/Pringsheim_der_Mathematiker.pdf\" target=\"_blank\" rel=\"noreferrer noopener\">Pringsheim_der_Mathematiker.pdf<\/a><\/li>\n\n\n\n<li><a href=\"http:\/\/bulirsch.eu\/Vortraege\/Streben_nach_Vollkommenheit.pdf\" target=\"_blank\" rel=\"noreferrer noopener\">Streben_nach_Vollkommenheit.pdf<\/a><\/li>\n<\/ul>\n","protected":false},"excerpt":{"rendered":"<p>November 1987,&nbsp;Mathematik und RaumfahrtFestkolloquium zum 50. Geburtstag des baden-w\u00fcrttembergischen Ministerpr\u00e4sidenten Lothar Sp\u00e4th 1990,&nbsp;Mathematik und Informatik &#8211; Vom Nutzen der Formeln 1. Oktober 1994,&nbsp;Nutz und Frommen der MathematikMathematisches Forschungsinstitut Oberwolfach 1995,&nbsp;Die Pr\u00e4sidentschaft MeitingerLaudatio auf den Pr\u00e4sidenten der TU M\u00fcnchen Juni 1998,&nbsp;Virtuelle Welten &#8211; Wirklichkeit aus dem Rechner.4. Lausitzer Wissenschaftstage der BTU [&hellip;]<\/p>\n","protected":false},"author":1,"featured_media":0,"parent":0,"menu_order":4,"comment_status":"closed","ping_status":"closed","template":"","meta":{"footnotes":""},"class_list":["post-178","page","type-page","status-publish","hentry"],"yoast_head":"<!-- This site is optimized with the Yoast SEO plugin v27.5 - https:\/\/yoast.com\/product\/yoast-seo-wordpress\/ -->\n<title>Vortr\u00e4ge - Univ.-Prof. em. Dr. rer.nat. Dr. h.c. mult. Roland Zden\u011bk Bulirsch (Bul\u00ed\u0159)<\/title>\n<meta name=\"robots\" content=\"index, follow, max-snippet:-1, max-image-preview:large, max-video-preview:-1\" \/>\n<link rel=\"canonical\" href=\"https:\/\/bulirsch.eu\/home\/vortraege\/\" \/>\n<meta property=\"og:locale\" content=\"de_DE\" \/>\n<meta property=\"og:type\" content=\"article\" \/>\n<meta property=\"og:title\" content=\"Vortr\u00e4ge - Univ.-Prof. em. Dr. rer.nat. Dr. h.c. mult. Roland Zden\u011bk Bulirsch (Bul\u00ed\u0159)\" \/>\n<meta property=\"og:description\" content=\"November 1987,&nbsp;Mathematik und RaumfahrtFestkolloquium zum 50. Geburtstag des baden-w\u00fcrttembergischen Ministerpr\u00e4sidenten Lothar Sp\u00e4th 1990,&nbsp;Mathematik und Informatik &#8211; Vom Nutzen der Formeln 1. Oktober 1994,&nbsp;Nutz und Frommen der MathematikMathematisches Forschungsinstitut Oberwolfach 1995,&nbsp;Die Pr\u00e4sidentschaft MeitingerLaudatio auf den Pr\u00e4sidenten der TU M\u00fcnchen Juni 1998,&nbsp;Virtuelle Welten &#8211; Wirklichkeit aus dem Rechner.4. Lausitzer Wissenschaftstage der BTU [&hellip;]\" \/>\n<meta property=\"og:url\" content=\"https:\/\/bulirsch.eu\/home\/vortraege\/\" \/>\n<meta property=\"og:site_name\" content=\"Univ.-Prof. em. Dr. rer.nat. Dr. h.c. mult. Roland Zden\u011bk Bulirsch (Bul\u00ed\u0159)\" \/>\n<meta property=\"article:modified_time\" content=\"2024-09-28T14:04:03+00:00\" \/>\n<meta name=\"twitter:card\" content=\"summary_large_image\" \/>\n<meta name=\"twitter:label1\" content=\"Gesch\u00e4tzte Lesezeit\" \/>\n\t<meta name=\"twitter:data1\" content=\"2\u00a0Minuten\" \/>\n<script type=\"application\/ld+json\" class=\"yoast-schema-graph\">{\"@context\":\"https:\\\/\\\/schema.org\",\"@graph\":[{\"@type\":\"WebPage\",\"@id\":\"https:\\\/\\\/bulirsch.eu\\\/home\\\/vortraege\\\/\",\"url\":\"https:\\\/\\\/bulirsch.eu\\\/home\\\/vortraege\\\/\",\"name\":\"Vortr\u00e4ge - Univ.-Prof. em. Dr. rer.nat. Dr. h.c. mult. Roland Zden\u011bk Bulirsch (Bul\u00ed\u0159)\",\"isPartOf\":{\"@id\":\"https:\\\/\\\/bulirsch.eu\\\/home\\\/#website\"},\"datePublished\":\"2020-04-11T17:11:01+00:00\",\"dateModified\":\"2024-09-28T14:04:03+00:00\",\"breadcrumb\":{\"@id\":\"https:\\\/\\\/bulirsch.eu\\\/home\\\/vortraege\\\/#breadcrumb\"},\"inLanguage\":\"de\",\"potentialAction\":[{\"@type\":\"ReadAction\",\"target\":[\"https:\\\/\\\/bulirsch.eu\\\/home\\\/vortraege\\\/\"]}]},{\"@type\":\"BreadcrumbList\",\"@id\":\"https:\\\/\\\/bulirsch.eu\\\/home\\\/vortraege\\\/#breadcrumb\",\"itemListElement\":[{\"@type\":\"ListItem\",\"position\":1,\"name\":\"Home\",\"item\":\"https:\\\/\\\/bulirsch.eu\\\/home\\\/\"},{\"@type\":\"ListItem\",\"position\":2,\"name\":\"Vortr\u00e4ge\"}]},{\"@type\":\"WebSite\",\"@id\":\"https:\\\/\\\/bulirsch.eu\\\/home\\\/#website\",\"url\":\"https:\\\/\\\/bulirsch.eu\\\/home\\\/\",\"name\":\"Univ.-Prof. em. Dr. rer.nat. Dr. h.c. mult. Roland Zden\u011bk Bulirsch (Bul\u00ed\u0159)\",\"description\":\"\",\"potentialAction\":[{\"@type\":\"SearchAction\",\"target\":{\"@type\":\"EntryPoint\",\"urlTemplate\":\"https:\\\/\\\/bulirsch.eu\\\/home\\\/?s={search_term_string}\"},\"query-input\":{\"@type\":\"PropertyValueSpecification\",\"valueRequired\":true,\"valueName\":\"search_term_string\"}}],\"inLanguage\":\"de\"}]}<\/script>\n<!-- \/ Yoast SEO plugin. -->","yoast_head_json":{"title":"Vortr\u00e4ge - Univ.-Prof. em. Dr. rer.nat. Dr. h.c. mult. Roland Zden\u011bk Bulirsch (Bul\u00ed\u0159)","robots":{"index":"index","follow":"follow","max-snippet":"max-snippet:-1","max-image-preview":"max-image-preview:large","max-video-preview":"max-video-preview:-1"},"canonical":"https:\/\/bulirsch.eu\/home\/vortraege\/","og_locale":"de_DE","og_type":"article","og_title":"Vortr\u00e4ge - Univ.-Prof. em. Dr. rer.nat. Dr. h.c. mult. Roland Zden\u011bk Bulirsch (Bul\u00ed\u0159)","og_description":"November 1987,&nbsp;Mathematik und RaumfahrtFestkolloquium zum 50. Geburtstag des baden-w\u00fcrttembergischen Ministerpr\u00e4sidenten Lothar Sp\u00e4th 1990,&nbsp;Mathematik und Informatik &#8211; Vom Nutzen der Formeln 1. Oktober 1994,&nbsp;Nutz und Frommen der MathematikMathematisches Forschungsinstitut Oberwolfach 1995,&nbsp;Die Pr\u00e4sidentschaft MeitingerLaudatio auf den Pr\u00e4sidenten der TU M\u00fcnchen Juni 1998,&nbsp;Virtuelle Welten &#8211; Wirklichkeit aus dem Rechner.4. Lausitzer Wissenschaftstage der BTU [&hellip;]","og_url":"https:\/\/bulirsch.eu\/home\/vortraege\/","og_site_name":"Univ.-Prof. em. Dr. rer.nat. Dr. h.c. mult. Roland Zden\u011bk Bulirsch (Bul\u00ed\u0159)","article_modified_time":"2024-09-28T14:04:03+00:00","twitter_card":"summary_large_image","twitter_misc":{"Gesch\u00e4tzte Lesezeit":"2\u00a0Minuten"},"schema":{"@context":"https:\/\/schema.org","@graph":[{"@type":"WebPage","@id":"https:\/\/bulirsch.eu\/home\/vortraege\/","url":"https:\/\/bulirsch.eu\/home\/vortraege\/","name":"Vortr\u00e4ge - Univ.-Prof. em. Dr. rer.nat. Dr. h.c. mult. Roland Zden\u011bk Bulirsch (Bul\u00ed\u0159)","isPartOf":{"@id":"https:\/\/bulirsch.eu\/home\/#website"},"datePublished":"2020-04-11T17:11:01+00:00","dateModified":"2024-09-28T14:04:03+00:00","breadcrumb":{"@id":"https:\/\/bulirsch.eu\/home\/vortraege\/#breadcrumb"},"inLanguage":"de","potentialAction":[{"@type":"ReadAction","target":["https:\/\/bulirsch.eu\/home\/vortraege\/"]}]},{"@type":"BreadcrumbList","@id":"https:\/\/bulirsch.eu\/home\/vortraege\/#breadcrumb","itemListElement":[{"@type":"ListItem","position":1,"name":"Home","item":"https:\/\/bulirsch.eu\/home\/"},{"@type":"ListItem","position":2,"name":"Vortr\u00e4ge"}]},{"@type":"WebSite","@id":"https:\/\/bulirsch.eu\/home\/#website","url":"https:\/\/bulirsch.eu\/home\/","name":"Univ.-Prof. em. Dr. rer.nat. Dr. h.c. mult. Roland Zden\u011bk Bulirsch (Bul\u00ed\u0159)","description":"","potentialAction":[{"@type":"SearchAction","target":{"@type":"EntryPoint","urlTemplate":"https:\/\/bulirsch.eu\/home\/?s={search_term_string}"},"query-input":{"@type":"PropertyValueSpecification","valueRequired":true,"valueName":"search_term_string"}}],"inLanguage":"de"}]}},"_links":{"self":[{"href":"https:\/\/bulirsch.eu\/home\/wp-json\/wp\/v2\/pages\/178","targetHints":{"allow":["GET"]}}],"collection":[{"href":"https:\/\/bulirsch.eu\/home\/wp-json\/wp\/v2\/pages"}],"about":[{"href":"https:\/\/bulirsch.eu\/home\/wp-json\/wp\/v2\/types\/page"}],"author":[{"embeddable":true,"href":"https:\/\/bulirsch.eu\/home\/wp-json\/wp\/v2\/users\/1"}],"replies":[{"embeddable":true,"href":"https:\/\/bulirsch.eu\/home\/wp-json\/wp\/v2\/comments?post=178"}],"version-history":[{"count":13,"href":"https:\/\/bulirsch.eu\/home\/wp-json\/wp\/v2\/pages\/178\/revisions"}],"predecessor-version":[{"id":622,"href":"https:\/\/bulirsch.eu\/home\/wp-json\/wp\/v2\/pages\/178\/revisions\/622"}],"wp:attachment":[{"href":"https:\/\/bulirsch.eu\/home\/wp-json\/wp\/v2\/media?parent=178"}],"curies":[{"name":"wp","href":"https:\/\/api.w.org\/{rel}","templated":true}]}}