{"id":202,"date":"2020-04-11T17:48:52","date_gmt":"2020-04-11T17:48:52","guid":{"rendered":"https:\/\/bulirsch.eu\/wordpress\/?page_id=202"},"modified":"2024-12-07T10:24:10","modified_gmt":"2024-12-07T10:24:10","slug":"vorfahren","status":"publish","type":"page","link":"https:\/\/bulirsch.eu\/home\/vorfahren\/","title":{"rendered":"Vorfahren"},"content":{"rendered":"\n<p>Bulirsch entstammt dem &#8222;Clan&#8220; der in tschechischen Sprachgebieten ber\u00fchmten Schriftstellerin Karol\u00edna Sv\u011btl\u00e1 (1830-1899)\u00a0<a href=\"https:\/\/fraueninbewegung.onb.ac.at\/node\/3162\">[1]<\/a>\u00a0[<a href=\"http:\/\/www.xs4all.nl\/~androom\/biography\/p013136.htm\">[2]<\/a>\u00a0<a href=\"http:\/\/cs.wikipedia.org\/wiki\/Karol%C3%ADna_Sv%C4%9Btl%C3%A1\">[3]<\/a>. In ihren Romanen, Novellen und Erz\u00e4hlungen beschreibt sie das Leben der b\u00e4uerlichen Bev\u00f6lkerung Nordb\u00f6hmens.<\/p>\n\n\n\n<figure class=\"wp-block-image size-large is-resized\"><a href=\"https:\/\/de.wikipedia.org\/wiki\/Karol%C3%ADna_Sv%C4%9Btl%C3%A1\" target=\"_blank\" rel=\"noopener noreferrer\"><img decoding=\"async\" src=\"https:\/\/upload.wikimedia.org\/wikipedia\/commons\/thumb\/8\/88\/Karolina_Svetla_01.jpg\/800px-Karolina_Svetla_01.jpg\" alt=\"\" style=\"width:400px;height:510px\"\/><\/a><\/figure>\n\n\n\n<p>Eli\u0161ka Kr\u00e1snohorsk\u00e1 hat nach Karol\u00edna Sv\u011btl\u00e1s Erz\u00e4hlung &#8222;Der Ku\u00df&#8220; das Libretto f\u00fcr die gleichnamige Oper von Smetana geschaffen. Im Neujahrsbrief an Karol\u00edna Sv\u011btl\u00e1 schreibt Eli\u0161ka Kr\u00e1snohorsk\u00e1:<\/p>\n\n\n\n<blockquote class=\"wp-block-quote has-text-align-right is-layout-flow wp-block-quote-is-layout-flow\">\n<p>Pilsen, 31. Dezember 1867<br>Milostpan\u00ed (Gn\u00e4dige Frau)<br>&#8230;&#8230;&#8230; Sie, Sv\u011btl\u00e1, sind der Jupiter und ich, Kr\u00e1snohorsk\u00e1, nur einer seiner Trabanten &#8230;&#8230;&#8230;<\/p>\n<\/blockquote>\n\n\n\n<p>Karol\u00edna Sv\u011btl\u00e1 stirbt am 7. September 1899 in Prag. Ihr Tod wird tief betrauert und das Begr\u00e4bnis f\u00fcr die tschechische Bev\u00f6lkerung zu einem nationalen Ereignis. Tausende s\u00e4umten die Stra\u00dfen Prags, durch die am 9. September eine endlose Trauergemeinde und die Lafette mit dem aufgebahrten Sarg zum Ol\u0161aner Friedhof zieht. Gem\u00e4\u00df ihrem Willen wird Karol\u00edna Sv\u011btl\u00e1 an der Seite ihres 1892 verstorbenen Mannes&nbsp;<a href=\"https:\/\/bulirsch.eu\/wordpress\/hauptschulzeugnis\/\">Petr Mu\u017e\u00e1k<\/a>&nbsp;beigesetzt. Ein Grab auf dem Ehrenfriedhof am Vy\u0161ehrad, dem Nationaldenkmal \u00fcber der Moldau, hatte Karol\u00edna Sv\u011btl\u00e1 abgelehnt. 1910 wurde ihr auf dem Karlsplatz in Prag ein Denkmal gesetzt.<\/p>\n\n\n\n<p>Der dramatische tschechische Spielfilm &#8222;Eine Geschichte von Liebe und Ehre&#8220; schildert die Liebe des tschechischen Dichters Jan Neruda zu Karol\u00edna Sv\u011btl\u00e1.<\/p>\n\n\n\n<p>Von den anderen im tschechischen Sprachgebiet bekannten Mitgliedern der Sippe sei noch die Schriftstellerin Ane\u017ek\u00e1 \u010cerm\u00e1kov\u00e1-Slukov\u00e1 (1864-1947), eine Gro\u00dftante von Bulirsch, Nichte und Sekret\u00e4rin der Karol\u00edna Sv\u011btl\u00e1, erw\u00e4hnt.<\/p>\n\n\n\n<figure class=\"wp-block-image size-large\"><img loading=\"lazy\" decoding=\"async\" width=\"1024\" height=\"651\" src=\"https:\/\/bulirsch.eu\/wordpress\/wp-content\/uploads\/2020\/04\/Anezka_Cermakova-1024x651.jpg\" alt=\"\" class=\"wp-image-206\" srcset=\"https:\/\/bulirsch.eu\/wordpress\/wp-content\/uploads\/2020\/04\/Anezka_Cermakova-1024x651.jpg 1024w, https:\/\/bulirsch.eu\/wordpress\/wp-content\/uploads\/2020\/04\/Anezka_Cermakova-300x191.jpg 300w, https:\/\/bulirsch.eu\/wordpress\/wp-content\/uploads\/2020\/04\/Anezka_Cermakova-768x489.jpg 768w, https:\/\/bulirsch.eu\/wordpress\/wp-content\/uploads\/2020\/04\/Anezka_Cermakova-1536x977.jpg 1536w, https:\/\/bulirsch.eu\/wordpress\/wp-content\/uploads\/2020\/04\/Anezka_Cermakova.jpg 1962w\" sizes=\"auto, (max-width: 1024px) 100vw, 1024px\" \/><\/figure>\n\n\n\n<p>In den &#8222;Fu\u00dfstapfen&#8220; der Karol\u00edna Sv\u011btl\u00e1 wandelnd, gibt Ane\u017ek\u00e1 \u010cerm\u00e1kov\u00e1-Slukov\u00e1 in der Sammlung von Erz\u00e4hlungen &#8222;Mal\u00e9 neb\u00ed\u010dko&#8220; I,II, (Kleines Himmelreich), Einblicke in das Leben der Bewohner in den ehemaligen tschechischen Sprachinseln Nordb\u00f6hmens unter dem Berg Jeschken (Je\u0161t\u011bd)<a href=\"http:\/\/bulirsch.eu\/anlagen\/Reisen_schon_an.pdf\" target=\"_blank\" rel=\"noreferrer noopener\">&nbsp;&#8222;REISEN SCHON AN!&#8220;<\/a>. Sie hat auch den Nachruf &#8222;\u017divot je boj&#8220; (Leben ist Kampf) auf Miroslav Bul\u00ed\u0159 geschrieben, den 1936 verstorbenen Vater von R.Z.Bulirsch.<\/p>\n","protected":false},"excerpt":{"rendered":"<p>Bulirsch entstammt dem &#8222;Clan&#8220; der in tschechischen Sprachgebieten ber\u00fchmten Schriftstellerin Karol\u00edna Sv\u011btl\u00e1 (1830-1899)\u00a0[1]\u00a0[[2]\u00a0[3]. In ihren Romanen, Novellen und Erz\u00e4hlungen beschreibt sie das Leben der b\u00e4uerlichen Bev\u00f6lkerung Nordb\u00f6hmens. Eli\u0161ka Kr\u00e1snohorsk\u00e1 hat nach Karol\u00edna Sv\u011btl\u00e1s Erz\u00e4hlung &#8222;Der Ku\u00df&#8220; das Libretto f\u00fcr die gleichnamige Oper von Smetana geschaffen. Im Neujahrsbrief an Karol\u00edna Sv\u011btl\u00e1 [&hellip;]<\/p>\n","protected":false},"author":1,"featured_media":0,"parent":0,"menu_order":6,"comment_status":"closed","ping_status":"closed","template":"","meta":{"footnotes":""},"class_list":["post-202","page","type-page","status-publish","hentry"],"yoast_head":"<!-- This site is optimized with the Yoast SEO plugin v27.5 - https:\/\/yoast.com\/product\/yoast-seo-wordpress\/ -->\n<title>Vorfahren - Univ.-Prof. em. Dr. rer.nat. Dr. h.c. mult. Roland Zden\u011bk Bulirsch (Bul\u00ed\u0159)<\/title>\n<meta name=\"robots\" content=\"index, follow, max-snippet:-1, max-image-preview:large, max-video-preview:-1\" \/>\n<link rel=\"canonical\" href=\"https:\/\/bulirsch.eu\/home\/vorfahren\/\" \/>\n<meta property=\"og:locale\" content=\"de_DE\" \/>\n<meta property=\"og:type\" content=\"article\" \/>\n<meta property=\"og:title\" content=\"Vorfahren - Univ.-Prof. em. Dr. rer.nat. Dr. h.c. mult. Roland Zden\u011bk Bulirsch (Bul\u00ed\u0159)\" \/>\n<meta property=\"og:description\" content=\"Bulirsch entstammt dem &#8222;Clan&#8220; der in tschechischen Sprachgebieten ber\u00fchmten Schriftstellerin Karol\u00edna Sv\u011btl\u00e1 (1830-1899)\u00a0[1]\u00a0[[2]\u00a0[3]. In ihren Romanen, Novellen und Erz\u00e4hlungen beschreibt sie das Leben der b\u00e4uerlichen Bev\u00f6lkerung Nordb\u00f6hmens. Eli\u0161ka Kr\u00e1snohorsk\u00e1 hat nach Karol\u00edna Sv\u011btl\u00e1s Erz\u00e4hlung &#8222;Der Ku\u00df&#8220; das Libretto f\u00fcr die gleichnamige Oper von Smetana geschaffen. Im Neujahrsbrief an Karol\u00edna Sv\u011btl\u00e1 [&hellip;]\" \/>\n<meta property=\"og:url\" content=\"https:\/\/bulirsch.eu\/home\/vorfahren\/\" \/>\n<meta property=\"og:site_name\" content=\"Univ.-Prof. em. Dr. rer.nat. Dr. h.c. mult. Roland Zden\u011bk Bulirsch (Bul\u00ed\u0159)\" \/>\n<meta property=\"article:modified_time\" content=\"2024-12-07T10:24:10+00:00\" \/>\n<meta property=\"og:image\" content=\"https:\/\/upload.wikimedia.org\/wikipedia\/commons\/thumb\/8\/88\/Karolina_Svetla_01.jpg\/800px-Karolina_Svetla_01.jpg\" \/>\n<meta name=\"twitter:card\" content=\"summary_large_image\" \/>\n<meta name=\"twitter:label1\" content=\"Gesch\u00e4tzte Lesezeit\" \/>\n\t<meta name=\"twitter:data1\" content=\"2\u00a0Minuten\" \/>\n<script type=\"application\/ld+json\" class=\"yoast-schema-graph\">{\"@context\":\"https:\\\/\\\/schema.org\",\"@graph\":[{\"@type\":\"WebPage\",\"@id\":\"https:\\\/\\\/bulirsch.eu\\\/home\\\/vorfahren\\\/\",\"url\":\"https:\\\/\\\/bulirsch.eu\\\/home\\\/vorfahren\\\/\",\"name\":\"Vorfahren - Univ.-Prof. em. Dr. rer.nat. Dr. h.c. mult. Roland Zden\u011bk Bulirsch (Bul\u00ed\u0159)\",\"isPartOf\":{\"@id\":\"https:\\\/\\\/bulirsch.eu\\\/home\\\/#website\"},\"primaryImageOfPage\":{\"@id\":\"https:\\\/\\\/bulirsch.eu\\\/home\\\/vorfahren\\\/#primaryimage\"},\"image\":{\"@id\":\"https:\\\/\\\/bulirsch.eu\\\/home\\\/vorfahren\\\/#primaryimage\"},\"thumbnailUrl\":\"https:\\\/\\\/upload.wikimedia.org\\\/wikipedia\\\/commons\\\/thumb\\\/8\\\/88\\\/Karolina_Svetla_01.jpg\\\/800px-Karolina_Svetla_01.jpg\",\"datePublished\":\"2020-04-11T17:48:52+00:00\",\"dateModified\":\"2024-12-07T10:24:10+00:00\",\"breadcrumb\":{\"@id\":\"https:\\\/\\\/bulirsch.eu\\\/home\\\/vorfahren\\\/#breadcrumb\"},\"inLanguage\":\"de\",\"potentialAction\":[{\"@type\":\"ReadAction\",\"target\":[\"https:\\\/\\\/bulirsch.eu\\\/home\\\/vorfahren\\\/\"]}]},{\"@type\":\"ImageObject\",\"inLanguage\":\"de\",\"@id\":\"https:\\\/\\\/bulirsch.eu\\\/home\\\/vorfahren\\\/#primaryimage\",\"url\":\"https:\\\/\\\/upload.wikimedia.org\\\/wikipedia\\\/commons\\\/thumb\\\/8\\\/88\\\/Karolina_Svetla_01.jpg\\\/800px-Karolina_Svetla_01.jpg\",\"contentUrl\":\"https:\\\/\\\/upload.wikimedia.org\\\/wikipedia\\\/commons\\\/thumb\\\/8\\\/88\\\/Karolina_Svetla_01.jpg\\\/800px-Karolina_Svetla_01.jpg\"},{\"@type\":\"BreadcrumbList\",\"@id\":\"https:\\\/\\\/bulirsch.eu\\\/home\\\/vorfahren\\\/#breadcrumb\",\"itemListElement\":[{\"@type\":\"ListItem\",\"position\":1,\"name\":\"Home\",\"item\":\"https:\\\/\\\/bulirsch.eu\\\/home\\\/\"},{\"@type\":\"ListItem\",\"position\":2,\"name\":\"Vorfahren\"}]},{\"@type\":\"WebSite\",\"@id\":\"https:\\\/\\\/bulirsch.eu\\\/home\\\/#website\",\"url\":\"https:\\\/\\\/bulirsch.eu\\\/home\\\/\",\"name\":\"Univ.-Prof. em. Dr. rer.nat. Dr. h.c. mult. Roland Zden\u011bk Bulirsch (Bul\u00ed\u0159)\",\"description\":\"\",\"potentialAction\":[{\"@type\":\"SearchAction\",\"target\":{\"@type\":\"EntryPoint\",\"urlTemplate\":\"https:\\\/\\\/bulirsch.eu\\\/home\\\/?s={search_term_string}\"},\"query-input\":{\"@type\":\"PropertyValueSpecification\",\"valueRequired\":true,\"valueName\":\"search_term_string\"}}],\"inLanguage\":\"de\"}]}<\/script>\n<!-- \/ Yoast SEO plugin. -->","yoast_head_json":{"title":"Vorfahren - Univ.-Prof. em. Dr. rer.nat. Dr. h.c. mult. Roland Zden\u011bk Bulirsch (Bul\u00ed\u0159)","robots":{"index":"index","follow":"follow","max-snippet":"max-snippet:-1","max-image-preview":"max-image-preview:large","max-video-preview":"max-video-preview:-1"},"canonical":"https:\/\/bulirsch.eu\/home\/vorfahren\/","og_locale":"de_DE","og_type":"article","og_title":"Vorfahren - Univ.-Prof. em. Dr. rer.nat. Dr. h.c. mult. Roland Zden\u011bk Bulirsch (Bul\u00ed\u0159)","og_description":"Bulirsch entstammt dem &#8222;Clan&#8220; der in tschechischen Sprachgebieten ber\u00fchmten Schriftstellerin Karol\u00edna Sv\u011btl\u00e1 (1830-1899)\u00a0[1]\u00a0[[2]\u00a0[3]. In ihren Romanen, Novellen und Erz\u00e4hlungen beschreibt sie das Leben der b\u00e4uerlichen Bev\u00f6lkerung Nordb\u00f6hmens. Eli\u0161ka Kr\u00e1snohorsk\u00e1 hat nach Karol\u00edna Sv\u011btl\u00e1s Erz\u00e4hlung &#8222;Der Ku\u00df&#8220; das Libretto f\u00fcr die gleichnamige Oper von Smetana geschaffen. Im Neujahrsbrief an Karol\u00edna Sv\u011btl\u00e1 [&hellip;]","og_url":"https:\/\/bulirsch.eu\/home\/vorfahren\/","og_site_name":"Univ.-Prof. em. Dr. rer.nat. Dr. h.c. mult. Roland Zden\u011bk Bulirsch (Bul\u00ed\u0159)","article_modified_time":"2024-12-07T10:24:10+00:00","og_image":[{"url":"https:\/\/upload.wikimedia.org\/wikipedia\/commons\/thumb\/8\/88\/Karolina_Svetla_01.jpg\/800px-Karolina_Svetla_01.jpg","type":"","width":"","height":""}],"twitter_card":"summary_large_image","twitter_misc":{"Gesch\u00e4tzte Lesezeit":"2\u00a0Minuten"},"schema":{"@context":"https:\/\/schema.org","@graph":[{"@type":"WebPage","@id":"https:\/\/bulirsch.eu\/home\/vorfahren\/","url":"https:\/\/bulirsch.eu\/home\/vorfahren\/","name":"Vorfahren - Univ.-Prof. em. Dr. rer.nat. Dr. h.c. mult. Roland Zden\u011bk Bulirsch (Bul\u00ed\u0159)","isPartOf":{"@id":"https:\/\/bulirsch.eu\/home\/#website"},"primaryImageOfPage":{"@id":"https:\/\/bulirsch.eu\/home\/vorfahren\/#primaryimage"},"image":{"@id":"https:\/\/bulirsch.eu\/home\/vorfahren\/#primaryimage"},"thumbnailUrl":"https:\/\/upload.wikimedia.org\/wikipedia\/commons\/thumb\/8\/88\/Karolina_Svetla_01.jpg\/800px-Karolina_Svetla_01.jpg","datePublished":"2020-04-11T17:48:52+00:00","dateModified":"2024-12-07T10:24:10+00:00","breadcrumb":{"@id":"https:\/\/bulirsch.eu\/home\/vorfahren\/#breadcrumb"},"inLanguage":"de","potentialAction":[{"@type":"ReadAction","target":["https:\/\/bulirsch.eu\/home\/vorfahren\/"]}]},{"@type":"ImageObject","inLanguage":"de","@id":"https:\/\/bulirsch.eu\/home\/vorfahren\/#primaryimage","url":"https:\/\/upload.wikimedia.org\/wikipedia\/commons\/thumb\/8\/88\/Karolina_Svetla_01.jpg\/800px-Karolina_Svetla_01.jpg","contentUrl":"https:\/\/upload.wikimedia.org\/wikipedia\/commons\/thumb\/8\/88\/Karolina_Svetla_01.jpg\/800px-Karolina_Svetla_01.jpg"},{"@type":"BreadcrumbList","@id":"https:\/\/bulirsch.eu\/home\/vorfahren\/#breadcrumb","itemListElement":[{"@type":"ListItem","position":1,"name":"Home","item":"https:\/\/bulirsch.eu\/home\/"},{"@type":"ListItem","position":2,"name":"Vorfahren"}]},{"@type":"WebSite","@id":"https:\/\/bulirsch.eu\/home\/#website","url":"https:\/\/bulirsch.eu\/home\/","name":"Univ.-Prof. em. Dr. rer.nat. Dr. h.c. mult. Roland Zden\u011bk Bulirsch (Bul\u00ed\u0159)","description":"","potentialAction":[{"@type":"SearchAction","target":{"@type":"EntryPoint","urlTemplate":"https:\/\/bulirsch.eu\/home\/?s={search_term_string}"},"query-input":{"@type":"PropertyValueSpecification","valueRequired":true,"valueName":"search_term_string"}}],"inLanguage":"de"}]}},"_links":{"self":[{"href":"https:\/\/bulirsch.eu\/home\/wp-json\/wp\/v2\/pages\/202","targetHints":{"allow":["GET"]}}],"collection":[{"href":"https:\/\/bulirsch.eu\/home\/wp-json\/wp\/v2\/pages"}],"about":[{"href":"https:\/\/bulirsch.eu\/home\/wp-json\/wp\/v2\/types\/page"}],"author":[{"embeddable":true,"href":"https:\/\/bulirsch.eu\/home\/wp-json\/wp\/v2\/users\/1"}],"replies":[{"embeddable":true,"href":"https:\/\/bulirsch.eu\/home\/wp-json\/wp\/v2\/comments?post=202"}],"version-history":[{"count":7,"href":"https:\/\/bulirsch.eu\/home\/wp-json\/wp\/v2\/pages\/202\/revisions"}],"predecessor-version":[{"id":730,"href":"https:\/\/bulirsch.eu\/home\/wp-json\/wp\/v2\/pages\/202\/revisions\/730"}],"wp:attachment":[{"href":"https:\/\/bulirsch.eu\/home\/wp-json\/wp\/v2\/media?parent=202"}],"curies":[{"name":"wp","href":"https:\/\/api.w.org\/{rel}","templated":true}]}}